{"id":776,"date":"2024-08-20T09:45:04","date_gmt":"2024-08-20T07:45:04","guid":{"rendered":"https:\/\/xpand.one\/de-gmbh\/?post_type=angebot&#038;p=776"},"modified":"2026-04-22T11:35:43","modified_gmt":"2026-04-22T09:35:43","slug":"xlm-xpand-leadership-masterclass","status":"publish","type":"angebot","link":"https:\/\/xpand.one\/de\/gmbh\/angebot\/xlm-xpand-leadership-masterclass\/","title":{"rendered":"xpand Leadership Masterclass (XLM)"},"content":{"rendered":"\n<p>Wer F\u00fchrung \u00fcbernimmt, \u00fcbernimmt Verantwortung! Verantwortung f\u00fcr die Entwicklung und Gestaltung in verschiedenen Bereichen:<\/p>\n\n\n\n<ul class=\"wp-block-list\">\n<li>Die pers\u00f6nliche Entwicklung und Gestaltung meines<br>eigenen Lebens<\/li>\n\n\n\n<li>Die F\u00f6rderung und Entfaltung der Potenziale der<br>mir anvertrauten Mitarbeiter<\/li>\n\n\n\n<li>Die Schaffung einer klaren, wertsch\u00e4tzenden<br>Kommunikationskultur und der konstruktive<br>Umgang mit Konflikten<\/li>\n\n\n\n<li>Die Weiterentwicklung meines Unternehmens und<br>die Pflege einer lebendigen Unternehmenskultur<\/li>\n\n\n\n<li>Die Bildung exzellenter Teams und die Gestaltung<br>effektiver Teamarbeit<\/li>\n\n\n\n<li>Die Initiierung und Umsetzung von<br>Ver\u00e4nderungsprozessen und eines agilen Mindsets<\/li>\n<\/ul>\n\n\n\n<p>Gemeinsam wollen wir uns auf den Weg machen, dieser Verantwortung gerecht zu werden!<\/p>\n\n\n\n\n\n<div style='display:none;' class='acf-hidden-content'>\nUntertitel: In 6 Modulen F\u00fchrung entwickeln und gestalten\nWeitere_informationen_ja: 1\nWeitere_informationen_spalte_0_inhalt: <h3>WARUM<\/h3>\n<p>Die xpand Leadership Masterclass<\/p>\n<ul>\n<li>hilft Ihnen, sich selbst und Ihre F\u00fchrungsqualit\u00e4ten zu reflektieren<\/li>\n<li>unterst\u00fctzt Sie dabei, die richtigen Instrumente zu finden, um Ihre Mitarbeiter zu motivieren und sie in ihrer Selbstverantwortung zu st\u00e4rken<\/li>\n<li>gibt Ihnen wichtige Impulse f\u00fcr strategische Weichenstellungen und notwendige Ver\u00e4nderungen<\/li>\n<li>erm\u00f6glicht den Erfahrungsaustausch mit anderen F\u00fchrungskr\u00e4ften<\/li>\n<li>l\u00e4sst Sie profitieren von der Diversit\u00e4t der Teilnehmenden mit ganz unterschiedlichen Hintergr\u00fcnden<\/li>\n<li>bietet eine kompetente Begleitung durch erfahrene Referenten<\/li>\n<li>nimmt Sie mit auf eine spannende Reise mit vielen neuen Entdeckungen<\/li>\n<\/ul>\n\nWeitere_informationen_spalte_1_inhalt: <h3>WER<\/h3>\n<p>Die xpand Leadership Masterclass ist gewinnbringend f\u00fcr:<\/p>\n<ul>\n<li>Menschen mit Leitungsverantwortung in Wirtschaft und Gesellschaft, die ihre F\u00fchrungskompetenz reflektieren und ausbauen wollen<\/li>\n<li>Menschen, die sich auf eine F\u00fchrungsaufgabe vorbereiten<\/li>\n<li>Freiberufler, Selbstst\u00e4ndige, Startups, die etwas in ihrem Leben bewegen und die Umsetzung konkret angehen wollen<\/li>\n<li>Menschen, die sich mit der Gr\u00fcndung einer Initiative, Firma oder Organisation besch\u00e4ftigen<\/li>\n<\/ul>\n\nWeitere_informationen_spalte_2_inhalt: <h3>WIE<\/h3>\n<ul>\n<li>6-12 Teilnehmer<\/li>\n<li>6 Module \u00e0 2 Tage in einem Zeitraum von 12 Monaten<\/li>\n<li>1 erfahrener Referent, der Sie \u00fcber die ganze Zeit begleitet<\/li>\n<li>praxisorientierte \u00dcbungen, die das theoretische Wissen direkt in Anwendung bringen<\/li>\n<li>Einsatz verschiedener Tests und bew\u00e4hrter xpand-Werkzeuge zur Selbstreflexion<\/li>\n<li>insgesamt 5 individuelle Coachingeinheiten (online oder pers\u00f6nlich) \u2013 jeweils eine Einheit zwischen den Modulen<\/li>\n<\/ul>\n\nBild: https:\/\/xpand.one\/de\/gmbh\/wp-content\/uploads\/team-leader-masterclass.-men-and-females-in-business-casual.-g9Vub62P.jpg\nReferenten_ansprechpartner_berater_titel: Referent\nTermin_ja: \nTermin_von: 20240825\nTermin_bis: 20240827\nDownloads_ja: 1\nDownloads_downloads_0_titel: Flyer zum Download\nDownloads_downloads_0_link: https:\/\/xpand.one\/de\/gmbh\/wp-content\/uploads\/XLM-2025.pdf\nReferenzen_ja: 1\nReferenzen_zitate_0_zitat: <p>\u201eMan nimmt sich nicht oft genug die Zeit, \u00fcber seine eigene Arbeit und sein eigenes Tun nachzudenken. Gerade wir als F\u00fchrungskraft im Unternehmen sollten das aber tun. Die xpand Leadership Masterclass hat mir nachhaltig dabei geholfen, mich selbst \u2013 mein Team \u2013 meine Arbeit besser einzusch\u00e4tzen und damit die Ergebnisse dieser drei Bereiche nachhaltig zu verbessern. Die Mischung aus Tools, Modellen zur Vereinfachung komplexer Strukturen und ganz handfeste Seminararbeit ist klasse! Ich kann die Teilnahme jederzeit empfehlen!<\/p>\n\nReferenzen_zitate_0_untertitel: Wolfgang Geisler (Leiter Messe und Events, hl-studios GmbH, Erlangen)\nModule_ja: 1\nModule_module_0_titel: Sich selbst f\u00fchren<br \/>\r\n\nModule_module_0_beschreibung: <p>Dieses Modul erschlie\u00dft Ihnen die Welt der Selbstf\u00fchrung, die Basis f\u00fcr jedes langfristig erfolgreiche Selbst-, Zeit- und Zielmanagement.<br \/>\nDie Kunst der Selbstf\u00fchrung beschreibt den Prozess der Selbstbeeinflussung: eigenes Denken, F\u00fchlen und Handeln in eigener Regie zielorientiert zu steuern, absichtsvoll zu ver\u00e4ndern, wirkungsvoll zu kontrollieren und wertebezogen weiterzuentwickeln.<br \/>\n\u2022 Die pers\u00f6nliche Identit\u00e4t als Basis von F\u00fchrungskompetenz<br \/>\n\u2022 Emotional intelligent: Selbstf\u00fchrung und die eigene Gef\u00fchlswelt<br \/>\n\u2022 Mich und andere besser verstehen: mein<br \/>\nPers\u00f6nlichkeitsprofil<br \/>\n\u2022 Meine Selbstwirksamkeit erkennen und gestalten<br \/>\n\u2022 Mein Leben gestalten: meine pers\u00f6nliche Vision \/ Mission<br \/>\n\u2022 Effektives Selbst-, Zeit- und Zielmanagement<br \/>\n\u2022 Einsatz Analysetools: Pers\u00f6nlichkeitsprofil (persolog)<\/p>\n\nModule_module_0_ort_termin: \u2022 Bad Liebenzell: 10.-11.02.2025 <br \/>\r\n\u2022 Meerane: 06.-07.03.2025\nModule_module_1_titel: Moderne Mitarbeiterf\u00fchrung\nModule_module_1_beschreibung: <p>Eine Hauptaufgabe von F\u00fchrung ist es, Mitarbeiterpotenzial zu erkennen und wertsch\u00f6pfend zu entwickeln.<br \/>\nWir brauchen dringend motivierte, eigenverantwortliche und leistungsstarke Mitarbeiter. Aber wo finden wir sie? Wie k\u00f6nnen wir sie dahin entwickeln?<br \/>\nIn diesem Modul lernen Sie praxisorientierte Werkzeuge und Techniken, die Ihnen helfen, eine effektive und zeitgem\u00e4\u00dfe Mitarbeiterf\u00fchrung zu erlangen.<br \/>\n\u2022 Grundlagen der modernen Mitarbeiterf\u00fchrung<br \/>\n\u2022 Die richtigen Mitarbeiter finden und halten<br \/>\n\u2022 Motivation, Engagement und Mitarbeiterbindung<br \/>\n\u2022 Potenziale erkennen und f\u00f6rdern<br \/>\n\u2022 Situative F\u00fchrung: Mitarbeiter optimal f\u00fchren und f\u00f6rdern<br \/>\n\u2022 Meine pers\u00f6nlichen F\u00fchrungsqualit\u00e4ten<br \/>\nerkennen und entwickeln<br \/>\n\u2022 Einsatz Analysetool: F\u00fchrungsqualit\u00e4t (VAL)<\/p>\n\nModule_module_1_ort_termin: \u2022 Bad Liebenzell: 07.-08.04.2025 <br \/>\r\n\u2022 Meerane: 08.-09.05.2025\nModule_module_2_titel: Kommunikation und Konfliktkompetenz\nModule_module_2_beschreibung: <p>Die Qualit\u00e4t der Kommunikation zwischen Mitarbeitern, Vorgesetzten und Kollegen entscheidet ma\u00dfgeblich \u00fcber den Erfolg und die Wirksamkeit einer F\u00fchrungskraft.<br \/>\nGut kommunizieren kann man auch lernen! Was sind die Elemente guter Kommunikation? Wie kann ich meine Kommunikation verbessern?<br \/>\nJeder Konflikt ist eine Chance Dinge zu verbessern! Grundlagen der Konfliktkompetenz helfen Ihnen, Dynamiken zu erkennen, zu verstehen und Konflikte nachhaltig zu l\u00f6sen.<br \/>\n\u2022 Kommunikation als F\u00fchrungsaufgabe<br \/>\n\u2022 Grundlagen effektiver Kommunikation<br \/>\n\u2022 Kommunikationsmodelle und -werkzeuge<br \/>\n\u2022 Aktives Zuh\u00f6ren und empathische<br \/>\nGespr\u00e4chsf\u00fchrung<br \/>\n\u2022 Konflikte erkennen und verstehen<br \/>\n\u2022 Aufbau einer nachhaltigen Kommunikations- und Konfliktkultur<br \/>\n\u2022 Grundlagen erfolgreicher Verhandlungen<\/p>\n\nModule_module_2_ort_termin: \u2022 Bad Liebenzell: 02.-03.06.2025 <br \/>\r\n\u2022 Meerane: 05.-06.06.2025\nModule_module_3_titel: Erfolgreiche Teams aufbauen\nModule_module_3_beschreibung: <p>In jedem Unternehmen sind Teams das Herzst\u00fcck der Produktivit\u00e4t und Innovation.<br \/>\nEin erfolgreiches Team zu bauen und zu f\u00fchren erfordert nicht nur F\u00fchrungsst\u00e4rke, sondern auch ein tiefes Verst\u00e4ndnis f\u00fcr zwischenmenschliche Dynamiken und Strategien zur F\u00f6rderung von Zusammenarbeit.<br \/>\nWas macht ein gutes Team aus? Was kann man zur St\u00e4rkung der Teamarbeit tun? Dieses Modul bietet Ihnen praxisorientierte Einblicke und Werkzeuge, um effektive und leistungsstarke Teams zu entwickeln und nachhaltig zu f\u00fchren.<br \/>\n\u2022 Kennzeichen und Schl\u00fcssel erfolgreicher Teams<br \/>\n\u2022 Das Teamprofil gestalten<br \/>\n\u2022 Typische Entwicklungsphasen eines Teams verstehen und nutzen<br \/>\n\u2022 Teamkultur und Vertrauen<br \/>\n\u2022 Dysfunktionen eines Teams erkennen und \u00fcberwinden<br \/>\n\u2022 Entwicklung agiler Teams<br \/>\n\u2022 Einsatz Analysetool: Teamcheck (xpand)<\/p>\n\nModule_module_3_ort_termin: \u2022 Bad Liebenzell: 21.-22.07.2025 <br \/>\r\n\u2022 Meerane: 25.-26.09.2025\nModule_module_4_titel: Strategisch denken, innovativ f\u00fchren\nModule_module_4_beschreibung: <p>In der heutigen dynamischen Gesch\u00e4ftswelt ist eine gut durchdachte und flexible Strategie der Schl\u00fcssel zum nachhaltigen Erfolg.<br \/>\nDurch praxisorientierte Ans\u00e4tze lernen Sie, wie Sie Ihre Gesch\u00e4ftsstrategien effektiv entwickeln und anpassen k\u00f6nnen, um den Herausforderungen des Marktes erfolgreich zu begegnen.<br \/>\nMit Hilfe unserer Analysetools k\u00f6nnen Sie die St\u00e4rken und Potentiale Ihres Unternehmens bzw. Ihres Verantwortungsbereichs herausarbeiten und daraus wichtige Entwicklungsfelder f\u00fcr die Zukunft definieren.<br \/>\n\u2022 Grundlagen strategischen Denkens<br \/>\n\u2022 Kennzeichen gesunder Organisationen<br \/>\n\u2022 Markt- und Wettbewerbsanalyse<br \/>\n\u2022 Formulierung von strategischen Zielen<br \/>\n\u2022 Erstellen eines Ma\u00dfnahmenplans<br \/>\n\u2022 Kultur verstehen und gestalten<br \/>\n\u2022 Einsatz Analysetools: xpand Operating System (XOS)<\/p>\n\nModule_module_4_ort_termin: \u2022 Bad Liebenzell: 20.-21.10.2025 <br \/>\r\n\u2022 Meerane: 23.-24.10.2025\nModule_module_5_titel: Ver\u00e4nderung gestalten, agil denken und arbeiten\nModule_module_5_beschreibung: <p>In der heutigen, sich rasch wandelnden Gesch\u00e4ftsumgebung ist die F\u00e4higkeit, agil zu sein und effektiv auf Ver\u00e4nderungen zu reagieren, von entscheidender Bedeutung.<br \/>\nResilienz und Agilit\u00e4t sind in diesen Zeiten zwei wichtige Kompetenzen, die uns immer wieder begegnen.<br \/>\nIn diesem Modul lernen Sie, wie Sie Change-Prozesse erfolgreich gestalten und Ihre Organisation flexibel und Anpassungsf\u00e4hig machen k\u00f6nnen.<br \/>\n\u2022 Transition Management: die Phasen der Ver\u00e4nderung<br \/>\n\u2022 Change-Prozesse erfolgreich gestalten<br \/>\n\u2022 F\u00fchrungsaufgaben in Wachstumsphasen und Ver\u00e4nderungsprozessen<br \/>\n\u2022 Stakeholder Management<br \/>\n\u2022 Mein pers\u00f6nlicher Umgang mit Ver\u00e4nderung: Resilienz-Kompetenz entwickeln<br \/>\n\u2022 Agile Prinzipien und Methoden<br \/>\n\u2022 Einsatz Analysetool: Resilienz-Check (xpand)<\/p>\n\nModule_module_5_ort_termin: \u2022 Bad Liebenzell: 01.-02.12.2025 <br \/>\r\n\u2022 Meerane: 27.-28.11.2025\nInfos_0_titel: IHRE INVESTITION\nInfos_0_text: <p><strong>2-Tage-Format<\/strong> (Beginn 1. Tag: 09:00 Uhr,\u00a0Ende 2. Tag: 16:00 Uhr)<br \/>\n<strong>695 \u20ac <\/strong>Seminargeb\u00fchr pro Modul inkl. einer individuellen Coachingeinheit sowie ausf\u00fchrlichen Seminarunterlagen und Pausengetr\u00e4nken, zzgl. MwSt., Unterkunft und Verpflegung.<br \/>\nBei Buchung der gesamten Modulreihe 1-5 erhalten Sie einen Modulpreis von <strong>595 \u20ac.<\/strong><\/p>\n<p><strong>Zeiten<br \/>\n<\/strong>Beginn 1. Tag: 09:00 Uhr<br \/>\nEnde 2. Tag: 16:00 Uhr<\/p>\n<p><strong>Online-Format<\/strong> auf Anfrage<\/p>\n\nInfos_1_titel: ANMELDUNG\nInfos_1_text: <p>xpand Deutschland GmbH<br \/>\nFon +49 (0) 821 \u2013 21700080<br \/>\nMail: office@xpand.pro<\/p>\n\nFormular_allgemeines_formular: \nFormular_formular_id: 1\n<\/div>\n","protected":false},"template":"","angebote-kategorie":[39,37,40],"class_list":["post-776","angebot","type-angebot","status-publish","hentry","angebote-kategorie-fuehrungskompetenzen-und-persoenlichkeitsentwicklung","angebote-kategorie-fuehrungskraefteentwicklung","angebote-kategorie-nachwuchsfuehrungskraefte-programme","no-post-thumbnail"],"acf":[],"uagb_featured_image_src":[],"uagb_author_info":{"display_name":"Eva Spiekermann","author_link":"https:\/\/xpand.one\/de\/gmbh\/author\/"},"uagb_comment_info":0,"uagb_excerpt":"Entdecken Sie die Xpand Leadership Masterclass: Entwickeln und st\u00e4rken Sie Ihre F\u00fchrungsqualit\u00e4ten durch praxisnahe Module und individuelle Coachingeinheiten.","_links":{"self":[{"href":"https:\/\/xpand.one\/de\/gmbh\/wp-json\/wp\/v2\/angebot\/776","targetHints":{"allow":["GET"]}}],"collection":[{"href":"https:\/\/xpand.one\/de\/gmbh\/wp-json\/wp\/v2\/angebot"}],"about":[{"href":"https:\/\/xpand.one\/de\/gmbh\/wp-json\/wp\/v2\/types\/angebot"}],"wp:attachment":[{"href":"https:\/\/xpand.one\/de\/gmbh\/wp-json\/wp\/v2\/media?parent=776"}],"wp:term":[{"taxonomy":"angebote-kategorie","embeddable":true,"href":"https:\/\/xpand.one\/de\/gmbh\/wp-json\/wp\/v2\/angebote-kategorie?post=776"}],"curies":[{"name":"wp","href":"https:\/\/api.w.org\/{rel}","templated":true}]}}